{"id":224,"date":"2017-07-05T13:59:24","date_gmt":"2017-07-05T11:59:24","guid":{"rendered":"https:\/\/www.noitrento.it\/zonepastorali\/vallagarina\/wp-content\/uploads\/sites\/8\/2017\/04\/palazzo-taddei.png"},"modified":"2017-07-05T14:01:49","modified_gmt":"2017-07-05T12:01:49","slug":"palazzo-taddei","status":"inherit","type":"attachment","link":"https:\/\/www.noitrento.it\/zonepastorali\/vallagarina\/luoghi-di-interesse\/palazzo-taddei\/","title":{"rendered":"Palazzo Taddei"},"author":1,"comment_status":"closed","ping_status":"closed","template":"","meta":[],"description":{"rendered":"<p class=\"attachment\"><a data-size=\"263x394\" href='https:\/\/www.noitrento.it\/zonepastorali\/vallagarina\/wp-content\/uploads\/sites\/8\/2017\/04\/palazzo-taddei.png'><img width=\"200\" height=\"300\" src=\"https:\/\/www.noitrento.it\/zonepastorali\/vallagarina\/wp-content\/uploads\/sites\/8\/2017\/04\/palazzo-taddei-200x300.png\" class=\"attachment-medium size-medium\" alt=\"\" decoding=\"async\" loading=\"lazy\" srcset=\"https:\/\/www.noitrento.it\/zonepastorali\/vallagarina\/wp-content\/uploads\/sites\/8\/2017\/04\/palazzo-taddei-200x300.png 200w, https:\/\/www.noitrento.it\/zonepastorali\/vallagarina\/wp-content\/uploads\/sites\/8\/2017\/04\/palazzo-taddei.png 263w\" sizes=\"(max-width: 200px) 100vw, 200px\" \/><\/a><\/p>\n<p>Nel 1500 fu una delle prime costruzioni edificate in via Nuova, in origine erano pi\u00f9 strutture raggruppate poi ampliate nel corso dei secoli. La famiglia dei baroni Taddei, originari di Firenze, arriv\u00f2 ad Ala da Verona con l\u2019appoggio dei Castelbarco alla fine del \u2018300. Tra i primi a svolgere attivit\u00e0 commerciali ed imprenditoriali, Giovanbrunone Taddei in queste stanze avvi\u00f2 la fabbricazione del velluto a met\u00e0 del Seicento. La facciata rinascimentale \u00e8 della met\u00e0 del XVI sec., rigorosa ed essenziale, simbolo di forza e potere in societ\u00e0. Sul cortile si affaccia uno splendido loggiato decorato con mascheroni. Nel 1810 sost\u00f2 in palazzo Taddei il capo della rivolta sudtirolese Andreas Hofer, in viaggio verso Mantova per essere giustiziato dai francesi. Palazzo Taddei ospiter\u00e0 in futuro il Museo Provinciale dei Tessuti e delle Arti Tessili.<\/p>\n"},"caption":{"rendered":"<p>Palazzo Taddei, Via Nuova, 38061 Ala<\/p>\n"},"alt_text":"","media_type":"image","mime_type":"image\/png","media_details":{"width":263,"height":394,"file":"2017\/04\/palazzo-taddei.png","sizes":{"thumbnail":{"file":"palazzo-taddei-150x150.png","width":150,"height":150,"mime_type":"image\/png","source_url":"https:\/\/www.noitrento.it\/zonepastorali\/vallagarina\/wp-content\/uploads\/sites\/8\/2017\/04\/palazzo-taddei-150x150.png"},"medium":{"file":"palazzo-taddei-200x300.png","width":200,"height":300,"mime_type":"image\/png","source_url":"https:\/\/www.noitrento.it\/zonepastorali\/vallagarina\/wp-content\/uploads\/sites\/8\/2017\/04\/palazzo-taddei-200x300.png"},"zerif-post-thumbnail":{"file":"palazzo-taddei-250x250.png","width":250,"height":250,"mime_type":"image\/png","source_url":"https:\/\/www.noitrento.it\/zonepastorali\/vallagarina\/wp-content\/uploads\/sites\/8\/2017\/04\/palazzo-taddei-250x250.png"},"zerif-post-thumbnail-large-table":{"file":"palazzo-taddei-263x300.png","width":263,"height":300,"mime_type":"image\/png","source_url":"https:\/\/www.noitrento.it\/zonepastorali\/vallagarina\/wp-content\/uploads\/sites\/8\/2017\/04\/palazzo-taddei-263x300.png"},"zerif-post-thumbnail-large-mobile":{"file":"palazzo-taddei-263x200.png","width":263,"height":200,"mime_type":"image\/png","source_url":"https:\/\/www.noitrento.it\/zonepastorali\/vallagarina\/wp-content\/uploads\/sites\/8\/2017\/04\/palazzo-taddei-263x200.png"},"zerif_project_photo":{"file":"palazzo-taddei-263x214.png","width":263,"height":214,"mime_type":"image\/png","source_url":"https:\/\/www.noitrento.it\/zonepastorali\/vallagarina\/wp-content\/uploads\/sites\/8\/2017\/04\/palazzo-taddei-263x214.png"},"zerif_our_team_photo":{"file":"palazzo-taddei-174x174.png","width":174,"height":174,"mime_type":"image\/png","source_url":"https:\/\/www.noitrento.it\/zonepastorali\/vallagarina\/wp-content\/uploads\/sites\/8\/2017\/04\/palazzo-taddei-174x174.png"},"full":{"file":"palazzo-taddei.png","width":263,"height":394,"mime_type":"image\/png","source_url":"https:\/\/www.noitrento.it\/zonepastorali\/vallagarina\/wp-content\/uploads\/sites\/8\/2017\/04\/palazzo-taddei.png"}},"image_meta":{"aperture":"0","credit":"","camera":"","caption":"","created_timestamp":"0","copyright":"","focal_length":"0","iso":"0","shutter_speed":"0","title":"","orientation":"0","keywords":[]}},"post":33,"source_url":"https:\/\/www.noitrento.it\/zonepastorali\/vallagarina\/wp-content\/uploads\/sites\/8\/2017\/04\/palazzo-taddei.png","_links":{"self":[{"href":"https:\/\/www.noitrento.it\/zonepastorali\/vallagarina\/wp-json\/wp\/v2\/media\/224"}],"collection":[{"href":"https:\/\/www.noitrento.it\/zonepastorali\/vallagarina\/wp-json\/wp\/v2\/media"}],"about":[{"href":"https:\/\/www.noitrento.it\/zonepastorali\/vallagarina\/wp-json\/wp\/v2\/types\/attachment"}],"author":[{"embeddable":true,"href":"https:\/\/www.noitrento.it\/zonepastorali\/vallagarina\/wp-json\/wp\/v2\/users\/1"}]}}