{"id":73,"date":"2018-01-06T17:41:05","date_gmt":"2018-01-06T16:41:05","guid":{"rendered":"https:\/\/www.noitrento.it\/zonepastorali\/montagnagiovani\/?page_id=73"},"modified":"2018-02-21T18:35:51","modified_gmt":"2018-02-21T17:35:51","slug":"mission","status":"publish","type":"page","link":"https:\/\/www.noitrento.it\/zonepastorali\/montagnagiovani\/chi-siamo\/mission\/","title":{"rendered":"La nostra MISSION"},"content":{"rendered":"<p><span style=\"font-family: verdana, geneva, sans-serif\">&#8220;<strong><em>Montagna Giovani<\/em><\/strong>&#8221; esiste da una quindicina di anni. Precisamente nasce nel 2002 da un&#8217;idea di Don Marco Saiani e Michele Niccolini.\u00a0Anche oggi, come allora, la formula \u00e8 quella di proporre un&#8217;escursione al mese, le gite sono aperte a tutti e l&#8217;obiettivo non \u00e8 solo raggiungere la tal cima o il tal rifugio ma l&#8217;importante \u00e8 <strong>socializzare<\/strong>.\u00a0<\/span><span style=\"font-family: verdana, geneva, sans-serif\">Noi vogliamo stare insieme, avere uno spazio per raccontarci e ascoltarci in uno <strong>spirito di accoglienza<\/strong>, gustandoci le <strong>bellezze del Creato<\/strong>. Durante la giornata si dedica un momento per Ringraziare e lo si fa mettendoci tutti in cerchio e leggendo il Vangelo ed il Salmo. La montagna e la natura vengono vissute attraverso un cammino sia fisico sia spirituale.<\/span><\/p>\n<p><span style=\"font-family: verdana, geneva, sans-serif\">Il nostro pensiero viene ben riassunto nella preghiera scritta da G. Perico S.J.:<\/span><\/p>\n<p style=\"padding-left: 30px\"><span style=\"font-size: 12pt;font-family: 'book antiqua', palatino, serif\"><em>&#8220;Signore, amo la montagna,\u00a0perch\u00e9 proclama la magnificenza!<\/em><\/span><\/p>\n<p style=\"padding-left: 30px\"><span style=\"font-size: 12pt;font-family: 'book antiqua', palatino, serif\"><em>Amo i ghiacciai, le cascate,\u00a0le immense distese di pini e di fiori<\/em><\/span><\/p>\n<p style=\"padding-left: 30px\"><span style=\"font-size: 12pt;font-family: 'book antiqua', palatino, serif\"><em>che annunciano la Tua potenza\u00a0ed il Tuo amore per noi.<\/em><\/span><\/p>\n<p style=\"padding-left: 30px\"><span style=\"font-size: 12pt;font-family: 'book antiqua', palatino, serif\"><em>Tutto questo, Signore,\u00a0d\u00e0 immensa certezza alla mia fede<\/em><\/span><\/p>\n<p style=\"padding-left: 30px\"><span style=\"font-size: 12pt;font-family: 'book antiqua', palatino, serif\"><em>e tanta sicurezza al mio passo.<\/em><\/span><\/p>\n<p style=\"padding-left: 30px\"><span style=\"font-size: 12pt;font-family: 'book antiqua', palatino, serif\"><em>Amo il minuscolo sentiero\u00a0e la tenue pista sul nevaio,<\/em><\/span><\/p>\n<p style=\"padding-left: 30px\"><span style=\"font-size: 12pt;font-family: 'book antiqua', palatino, serif\"><em>perch\u00e9, umili e silenziosi, mi portano in vetta,<\/em><\/span><\/p>\n<p style=\"padding-left: 30px\"><span style=\"font-size: 12pt;font-family: 'book antiqua', palatino, serif\"><em>chiudendo nel segreto lo sforzo\u00a0di chi \u00e8 passato prima di me,<\/em><\/span><\/p>\n<p style=\"padding-left: 30px\"><span style=\"font-size: 12pt;font-family: 'book antiqua', palatino, serif\"><em>e la dura lotta di chi li ha aperti.<\/em><\/span><\/p>\n<p style=\"padding-left: 30px\"><span style=\"font-size: 12pt;font-family: 'book antiqua', palatino, serif\"><em>Amo il Rifugio che domina la valle,<\/em><\/span><\/p>\n<p style=\"padding-left: 30px\"><span style=\"font-size: 12pt;font-family: 'book antiqua', palatino, serif\"><em>perch\u00e9 caldo di ospitalit\u00e0 ed amicizia,<\/em><\/span><\/p>\n<p style=\"padding-left: 30px\"><span style=\"font-size: 12pt;font-family: 'book antiqua', palatino, serif\"><em>immerge tutti in un clima di semplicit\u00e0\u00a0e di inesprimibile serenit\u00e0.<\/em><\/span><\/p>\n<p style=\"padding-left: 30px\"><span style=\"font-size: 12pt;font-family: 'book antiqua', palatino, serif\"><em>Amo la guida che porta alle cime,\u00a0perch\u00e9 ha il passo tenace<\/em><\/span><\/p>\n<p style=\"padding-left: 30px\"><span style=\"font-size: 12pt;font-family: 'book antiqua', palatino, serif\"><em>e canta serena nella tormenta.<\/em><\/span><\/p>\n<p style=\"padding-left: 30px\"><span style=\"font-size: 12pt;font-family: 'book antiqua', palatino, serif\"><em>Tutto questo, o Signore,\u00a0ricorda che Tu stesso sei guida<\/em><\/span><\/p>\n<p style=\"padding-left: 30px\"><span style=\"font-size: 12pt;font-family: 'book antiqua', palatino, serif\"><em>e ci hai aperto la via:\u00a0chi cammina con Te, raggiunge la cima!<\/em><\/span><\/p>\n<p style=\"padding-left: 30px\"><span style=\"font-size: 12pt;font-family: 'book antiqua', palatino, serif\"><em>Signore, che io porti con me\u00a0queste voci dei monti:<\/em><\/span><\/p>\n<p style=\"padding-left: 30px\"><span style=\"font-size: 12pt;font-family: 'book antiqua', palatino, serif\"><em>che io senta vivo il senso\u00a0di chi cammina con me,<\/em><\/span><\/p>\n<p style=\"padding-left: 30px\"><span style=\"font-size: 12pt;font-family: 'book antiqua', palatino, serif\"><em>come in cordata,\u00a0dove la stessa sorte ci unisce<\/em><\/span><\/p>\n<p style=\"padding-left: 30px\"><span style=\"font-size: 12pt;font-family: 'book antiqua', palatino, serif\"><em>in un solo corpo,\u00a0tesi verso l&#8217;unica meta!&#8221;<\/em><\/span><\/p>\n<p>&nbsp;<\/p>\n","protected":false},"excerpt":{"rendered":"<p>&#8220;Montagna Giovani&#8221; esiste da una quindicina di anni. Precisamente nasce nel 2002 da un&#8217;idea di Don Marco Saiani e Michele Niccolini.\u00a0Anche oggi, come allora, la formula \u00e8 quella di proporre un&#8217;escursione al mese, le gite sono aperte a tutti e l&#8217;obiettivo non \u00e8 solo raggiungere la tal cima o il tal rifugio ma l&#8217;importante \u00e8 <a href=\"https:\/\/www.noitrento.it\/zonepastorali\/montagnagiovani\/chi-siamo\/mission\/\" rel=\"nofollow\"><span class=\"sr-only\">Leggi di pi\u00f9La nostra MISSION<\/span>[&hellip;]<\/a><\/p>\n","protected":false},"author":6,"featured_media":0,"parent":12,"menu_order":0,"comment_status":"closed","ping_status":"closed","template":"","meta":[],"_links":{"self":[{"href":"https:\/\/www.noitrento.it\/zonepastorali\/montagnagiovani\/wp-json\/wp\/v2\/pages\/73"}],"collection":[{"href":"https:\/\/www.noitrento.it\/zonepastorali\/montagnagiovani\/wp-json\/wp\/v2\/pages"}],"about":[{"href":"https:\/\/www.noitrento.it\/zonepastorali\/montagnagiovani\/wp-json\/wp\/v2\/types\/page"}],"author":[{"embeddable":true,"href":"https:\/\/www.noitrento.it\/zonepastorali\/montagnagiovani\/wp-json\/wp\/v2\/users\/6"}],"replies":[{"embeddable":true,"href":"https:\/\/www.noitrento.it\/zonepastorali\/montagnagiovani\/wp-json\/wp\/v2\/comments?post=73"}],"version-history":[{"count":35,"href":"https:\/\/www.noitrento.it\/zonepastorali\/montagnagiovani\/wp-json\/wp\/v2\/pages\/73\/revisions"}],"predecessor-version":[{"id":353,"href":"https:\/\/www.noitrento.it\/zonepastorali\/montagnagiovani\/wp-json\/wp\/v2\/pages\/73\/revisions\/353"}],"up":[{"embeddable":true,"href":"https:\/\/www.noitrento.it\/zonepastorali\/montagnagiovani\/wp-json\/wp\/v2\/pages\/12"}],"wp:attachment":[{"href":"https:\/\/www.noitrento.it\/zonepastorali\/montagnagiovani\/wp-json\/wp\/v2\/media?parent=73"}],"curies":[{"name":"wp","href":"https:\/\/api.w.org\/{rel}","templated":true}]}}